{"id":81,"date":"2020-11-09T14:39:08","date_gmt":"2020-11-09T17:39:08","guid":{"rendered":"https:\/\/retomada.hlog.turismo.gov.br\/?ufaq=9-quais-acoes-e-projetos-serao-organizados-e-desenvolvidos-pela-iniciativa-privada-governo-e-sistema-s"},"modified":"2020-11-09T18:26:36","modified_gmt":"2020-11-09T21:26:36","slug":"quais-acoes-e-projetos-serao-organizados-e-desenvolvidos-pela-iniciativa-privada-governo-e-sistema-s","status":"publish","type":"ufaq","link":"https:\/\/retomada.hlog.turismo.gov.br\/?ufaq=quais-acoes-e-projetos-serao-organizados-e-desenvolvidos-pela-iniciativa-privada-governo-e-sistema-s","title":{"rendered":"Quais a\u00e7\u00f5es e projetos ser\u00e3o organizados e desenvolvidos pela iniciativa privada, governo e Sistema S?"},"content":{"rendered":"<p>Todas as a\u00e7\u00f5es, projetos e programas previstos, bem como os respons\u00e1veis por cada uma delas, estar\u00e1 dispon\u00edvel no endere\u00e7o www.retomada.turismo.gov.br. Vale ressaltar que a institui\u00e7\u00e3o ou a entidade que aderir \u00e0 Alian\u00e7a pela Retomada do Turismo dever\u00e1 informar quais os compromissos com a retomada ir\u00e1 assumir e disponibilizar ao MTur os dados e informa\u00e7\u00f5es necess\u00e1rios para acompanhamento dos compromissos assumidos, bem como apresentar relat\u00f3rios peri\u00f3dicos com a situa\u00e7\u00e3o dos compromissos assumidos e relat\u00f3rio final, demonstrando os resultados alcan\u00e7ados.<\/p>\n","protected":false},"excerpt":{"rendered":"<p>Todas as a\u00e7\u00f5es, projetos e programas previstos, bem como os respons\u00e1veis por cada uma delas, estar\u00e1 dispon\u00edvel no endere\u00e7o www.retomada.turismo.gov.br. Vale ressaltar que a institui\u00e7\u00e3o ou a entidade que aderir&#8230;<\/p>\n","protected":false},"author":1,"comment_status":"open","ping_status":"closed","template":"","ufaq-category":[4],"ufaq-tag":[],"yoast_head":"<!-- This site is optimized with the Yoast SEO plugin v15.2.1 - https:\/\/yoast.com\/wordpress\/plugins\/seo\/ -->\n<title>Quais a\u00e7\u00f5es e projetos ser\u00e3o organizados e desenvolvidos pela iniciativa privada, governo e Sistema S? - A Retomada do Turismo<\/title>\n<meta name=\"robots\" content=\"noindex, follow, max-snippet:-1, max-image-preview:large, max-video-preview:-1\" \/>\n<meta property=\"og:locale\" content=\"pt_BR\" \/>\n<meta property=\"og:type\" content=\"article\" \/>\n<meta property=\"og:title\" content=\"Quais a\u00e7\u00f5es e projetos ser\u00e3o organizados e desenvolvidos pela iniciativa privada, governo e Sistema S? - A Retomada do Turismo\" \/>\n<meta property=\"og:description\" content=\"Todas as a\u00e7\u00f5es, projetos e programas previstos, bem como os respons\u00e1veis por cada uma delas, estar\u00e1 dispon\u00edvel no endere\u00e7o www.retomada.turismo.gov.br. Vale ressaltar que a institui\u00e7\u00e3o ou a entidade que aderir...\" \/>\n<meta property=\"og:url\" content=\"https:\/\/retomada.hlog.turismo.gov.br\/?ufaq=quais-acoes-e-projetos-serao-organizados-e-desenvolvidos-pela-iniciativa-privada-governo-e-sistema-s\" \/>\n<meta property=\"og:site_name\" content=\"A Retomada do Turismo\" \/>\n<meta property=\"article:modified_time\" content=\"2020-11-09T21:26:36+00:00\" \/>\n<meta name=\"twitter:card\" content=\"summary_large_image\" \/>\n<meta name=\"twitter:label1\" content=\"Written by\">\n\t<meta name=\"twitter:data1\" content=\"mtur-retomada\">\n\t<meta name=\"twitter:label2\" content=\"Est. reading time\">\n\t<meta name=\"twitter:data2\" content=\"0 minuto\">\n<script type=\"application\/ld+json\" class=\"yoast-schema-graph\">{\"@context\":\"https:\/\/schema.org\",\"@graph\":[{\"@type\":\"WebSite\",\"@id\":\"https:\/\/retomada.hlog.turismo.gov.br\/#website\",\"url\":\"https:\/\/retomada.hlog.turismo.gov.br\/\",\"name\":\"A Retomada do Turismo\",\"description\":\"Fa\\u00e7a parte voc\\u00ea tamb\\u00e9m.\",\"potentialAction\":[{\"@type\":\"SearchAction\",\"target\":\"https:\/\/retomada.hlog.turismo.gov.br\/?s={search_term_string}\",\"query-input\":\"required name=search_term_string\"}],\"inLanguage\":\"pt-BR\"},{\"@type\":\"WebPage\",\"@id\":\"https:\/\/retomada.hlog.turismo.gov.br\/?ufaq=quais-acoes-e-projetos-serao-organizados-e-desenvolvidos-pela-iniciativa-privada-governo-e-sistema-s#webpage\",\"url\":\"https:\/\/retomada.hlog.turismo.gov.br\/?ufaq=quais-acoes-e-projetos-serao-organizados-e-desenvolvidos-pela-iniciativa-privada-governo-e-sistema-s\",\"name\":\"Quais a\\u00e7\\u00f5es e projetos ser\\u00e3o organizados e desenvolvidos pela iniciativa privada, governo e Sistema S? - A Retomada do Turismo\",\"isPartOf\":{\"@id\":\"https:\/\/retomada.hlog.turismo.gov.br\/#website\"},\"datePublished\":\"2020-11-09T17:39:08+00:00\",\"dateModified\":\"2020-11-09T21:26:36+00:00\",\"inLanguage\":\"pt-BR\",\"potentialAction\":[{\"@type\":\"ReadAction\",\"target\":[\"https:\/\/retomada.hlog.turismo.gov.br\/?ufaq=quais-acoes-e-projetos-serao-organizados-e-desenvolvidos-pela-iniciativa-privada-governo-e-sistema-s\"]}]}]}<\/script>\n<!-- \/ Yoast SEO plugin. -->","_links":{"self":[{"href":"https:\/\/retomada.hlog.turismo.gov.br\/index.php?rest_route=\/wp\/v2\/ufaq\/81"}],"collection":[{"href":"https:\/\/retomada.hlog.turismo.gov.br\/index.php?rest_route=\/wp\/v2\/ufaq"}],"about":[{"href":"https:\/\/retomada.hlog.turismo.gov.br\/index.php?rest_route=\/wp\/v2\/types\/ufaq"}],"author":[{"embeddable":true,"href":"https:\/\/retomada.hlog.turismo.gov.br\/index.php?rest_route=\/wp\/v2\/users\/1"}],"replies":[{"embeddable":true,"href":"https:\/\/retomada.hlog.turismo.gov.br\/index.php?rest_route=%2Fwp%2Fv2%2Fcomments&post=81"}],"wp:attachment":[{"href":"https:\/\/retomada.hlog.turismo.gov.br\/index.php?rest_route=%2Fwp%2Fv2%2Fmedia&parent=81"}],"wp:term":[{"taxonomy":"ufaq-category","embeddable":true,"href":"https:\/\/retomada.hlog.turismo.gov.br\/index.php?rest_route=%2Fwp%2Fv2%2Fufaq-category&post=81"},{"taxonomy":"ufaq-tag","embeddable":true,"href":"https:\/\/retomada.hlog.turismo.gov.br\/index.php?rest_route=%2Fwp%2Fv2%2Fufaq-tag&post=81"}],"curies":[{"name":"wp","href":"https:\/\/api.w.org\/{rel}","templated":true}]}}